{"id":1008,"date":"2026-02-03T15:14:09","date_gmt":"2026-02-03T15:14:09","guid":{"rendered":"https:\/\/www.zscelakovice.cz\/_new\/?page_id=1008"},"modified":"2026-07-23T13:06:48","modified_gmt":"2026-07-23T13:06:48","slug":"volebni-rad","status":"publish","type":"page","link":"https:\/\/www.zscelakovice.cz\/_new\/index.php\/volebni-rad\/","title":{"rendered":"Volebn\u00ed \u0159\u00e1d"},"content":{"rendered":"\n<p class=\"wp-block-paragraph\">Volebn\u00ed \u0159\u00e1d \u0161kolsk\u00e9 rady<\/p>\n\n\n\n<p class=\"wp-block-paragraph\">M\u011bsto \u010cel\u00e1kovice, se s\u00eddlem M\u011bstsk\u00fd \u00fa\u0159ad v&nbsp;\u010cel\u00e1kovic\u00edch, n\u00e1m. 5. kv\u011btna 1, vyd\u00e1v\u00e1 na z\u00e1klad\u011b \u00a7 167 odst. 2 z\u00e1k. \u010d. 561\/2004 Sb.,<\/p>\n\n\n\n<p class=\"wp-block-paragraph\">o p\u0159ed\u0161koln\u00edm, z\u00e1kladn\u00edm, st\u0159edn\u00edm, vy\u0161\u0161\u00edm odborn\u00e9m a jin\u00e9m vzd\u011bl\u00e1v\u00e1n\u00ed (\u0161kolsk\u00fd z\u00e1kon), tento volebn\u00ed \u0159\u00e1d \u0161kolsk\u00e9 rady p\u0159i z\u00e1kladn\u00edch \u0161kol\u00e1ch z\u0159izovan\u00fdch m\u011bstem \u010cel\u00e1kovice.<\/p>\n\n\n\n<p class=\"wp-block-paragraph\">\u010cl. 1 \u2013 Vymezen\u00ed pojm\u016f<\/p>\n\n\n\n<p class=\"wp-block-paragraph\">Pro \u00fa\u010dely tohoto volebn\u00edho \u0159\u00e1du se rozum\u00ed:<br>a) \u0161kolskou radou \u2013 \u0161kolsk\u00e1 rada z\u0159izovan\u00e1 p\u0159i ka\u017ed\u00e9 z\u00e1kladn\u00ed \u0161kole (d\u00e1le jen \u0161kola), jej\u00edm\u017e z\u0159izovatelem je m\u011bsto \u010cel\u00e1kovice (d\u00e1le jen z\u0159izovatel) podle ustanoven\u00ed \u00a7 167 \u0161kolsk\u00e9ho z\u00e1kona<br>b) z\u00e1konn\u00fdmi z\u00e1stupci \u2013 z\u00e1konn\u00ed z\u00e1stupci nezletil\u00fdch \u017e\u00e1k\u016f, a to jak st\u00e1tn\u00ed p\u0159\u00edslu\u0161n\u00edky \u010cesk\u00e9 republiky, tak ciz\u00ed st\u00e1tn\u00ed p\u0159\u00edslu\u0161n\u00edci<br>c) pedagogy \u2013 pedagogi\u010dt\u00ed pracovn\u00edci dan\u00e9 \u0161koly.<\/p>\n\n\n\n<p class=\"wp-block-paragraph\">\u010cl. 2 \u2013 \u0160kolsk\u00e1 rada a jej\u00ed slo\u017een\u00ed<\/p>\n\n\n\n<p class=\"wp-block-paragraph\">1. Celkov\u00fd po\u010det \u010dlen\u016f \u0161kolsk\u00e9 rady je 9 pro ka\u017edou z\u00e1kladn\u00ed \u0161kolu v&nbsp;\u010cel\u00e1kovic\u00edch.<br>2. \u010cleny \u0161kolsk\u00e9 rady:<br>a) 1\/3 jmenuje Rada m\u011bsta \u010cel\u00e1kovic<br>b) 1\/3 vol\u00ed ze sv\u00fdch \u0159ad z\u00e1konn\u00ed z\u00e1stupci<br>c) 1\/3 vol\u00ed ze sv\u00fdch \u0159ad pedagogov\u00e9.<br>3. \u010clenem \u0161kolsk\u00e9 rady nem\u016f\u017ee b\u00fdt \u0159editel \u0161koly a nesm\u00ed b\u00fdt jmenov\u00e1n&nbsp; z\u0159izovatelem<br>nebo zvolen pedagogy a z\u00e1konn\u00fdmi z\u00e1stupci stejn\u00fd \u010dlen \u0161kolsk\u00e9 rady.<\/p>\n\n\n\n<p class=\"wp-block-paragraph\">\u010cl. 3 \u2013 \u010clenstv\u00ed ve \u0161kolsk\u00e9 rad\u011b<\/p>\n\n\n\n<p class=\"wp-block-paragraph\">1. Funk\u010dn\u00ed obdob\u00ed ve \u0161kolsk\u00e9 rad\u011b je 3 roky.<br>2. \u010clenstv\u00ed ve \u0161kolsk\u00e9 rad\u011b je \u010destnou funkc\u00ed bez n\u00e1roku na odm\u011bnu.<br>3. \u010clenstv\u00ed ve \u0161kolsk\u00e9 rad\u011b zanik\u00e1:<br>a) uplynut\u00edm funk\u010dn\u00edho obdob\u00ed<br>b) odstoupen\u00edm<br>c) \u00famrt\u00edm<br>d) v&nbsp;p\u0159\u00edpad\u011b, kdy d\u00edt\u011b z\u00e1konn\u00e9ho z\u00e1stupce ukon\u010d\u00ed \u0161koln\u00ed doch\u00e1zku do z\u00e1kladn\u00ed<br>\u0161koly<br>e) p\u0159estane-li b\u00fdt z\u00e1konn\u00fd z\u00e1stupce z\u00e1konn\u00fdm z\u00e1stupcem nezletil\u00e9ho \u017e\u00e1ka<br>f) ukon\u010den\u00edm pracovn\u00edho pom\u011bru u\u010ditele na \u0161kole<br>g) odsouzen\u00edm \u010dlena pro \u00famysln\u00fd trestn\u00fd \u010din.<\/p>\n\n\n\n<p class=\"wp-block-paragraph\">\u010cl. 4 \u2013 P\u0159\u00edprava voleb<\/p>\n\n\n\n<p class=\"wp-block-paragraph\">1. P\u0159\u00edpravu voleb v&nbsp;souladu s&nbsp;t\u00edmto volebn\u00edm \u0159\u00e1dem zaji\u0161\u0165uje \u0159editel \u0161koly spolu s<br>volebn\u00ed komis\u00ed, jej\u00ed\u017e je z\u00e1rove\u0148 p\u0159edsedou. Ostatn\u00ed \u010dleny komise&nbsp; jmenuje \u0159editel<\/p>\n\n\n\n<p class=\"wp-block-paragraph\">1.<br>\u0161koly z&nbsp;\u0159ad pedagog\u016f nebo ze z\u00e1konn\u00fdch z\u00e1stupc\u016f. Volebn\u00ed komise je nejm\u00e9n\u011b<br>t\u0159\u00ed\u010dlenn\u00e1.<br>2. Volebn\u00ed komise zaji\u0161\u0165uje:<br>a) ur\u010den\u00ed m\u00edsta a term\u00ednu kon\u00e1n\u00ed voleb do \u0161kolsk\u00e9 rady<br>b) p\u0159ij\u00edm\u00e1n\u00ed n\u00e1vrh\u016f kandid\u00e1t\u016f na \u010dleny \u0161kolsk\u00e9 rady a sestaven\u00ed listiny<br>kandid\u00e1t\u016f z\u00e1konn\u00fdch z\u00e1stupc\u016f a listiny kandid\u00e1t\u016f pedagog\u016f a vyv\u011b\u0161en\u00ed<br>t\u011bchto listin ve \u0161kole na ve\u0159ejn\u011b p\u0159\u00edstupn\u00e9m m\u00edst\u011b<br>c) hlasovac\u00ed l\u00edstky pro volby v\u0161ech \u010dlen\u016f \u0161kolsk\u00e9 rady opat\u0159en\u00e9 raz\u00edtkem \u0161koly<br>d) sestavov\u00e1n\u00ed seznamu voli\u010d\u016f z\u00e1konn\u00fdch z\u00e1stupc\u016f opr\u00e1vn\u011bn\u00fdch volit \u010dleny<br>\u0161kolsk\u00e9 rady p\u0159i zachov\u00e1n\u00ed pravidla jednoho z\u00e1konn\u00e9ho z\u00e1stupce na jednoho<br>\u017e\u00e1ka, p\u0159i\u010dem\u017e ka\u017ed\u00fd z\u00e1konn\u00fd z\u00e1stupce m\u00e1 pouze jeden hlas<br>\/1 d\u00edt\u011b = 1 hlas\/<br>e) sestavov\u00e1n\u00ed seznamu voli\u010d\u016f pedagog\u016f<br>f) zaznamen\u00e1n\u00ed v\u00fdsledk\u016f hlasov\u00e1n\u00ed<br>g) vyhla\u0161ov\u00e1n\u00ed v\u00fdsledk\u016f voleb do \u0161kolsk\u00e9 rady na ve\u0159ejnosti p\u0159\u00edstupn\u00e9m m\u00edst\u011b<br>ve \u0161kole a na \u00fa\u0159edn\u00ed desce z\u0159izovatele<br>h) vyhotoven\u00ed z\u00e1pisu o proveden\u00ed voleb.<br>3. P\u0159edseda volebn\u00ed komise svol\u00e1 shrom\u00e1\u017ed\u011bn\u00ed z\u00e1konn\u00fdch z\u00e1stupc\u016f, a to<br>prost\u0159ednictv\u00edm t\u0159\u00eddn\u00edch u\u010ditel\u016f jednotliv\u00fdch t\u0159\u00edd, na kter\u00e9m:<br>a) vyhl\u00e1s\u00ed m\u00edsto a term\u00edn kon\u00e1n\u00ed voleb do \u0161kolsk\u00e9 rady<br>b) jsou v&nbsp;jednotliv\u00fdch t\u0159\u00edd\u00e1ch navr\u017eeni kandid\u00e1ti z&nbsp;\u0159ad z\u00e1konn\u00fdch z\u00e1stupc\u016f pro<br>volby do \u0161kolsk\u00e9 rady, kter\u00fdch mus\u00ed b\u00fdt za \u0161kolu minim\u00e1ln\u011b 6&nbsp; pro volbu 3<br>\u010dlen\u016f a 3 n\u00e1hradn\u00edk\u016f<br>c) je ozn\u00e1meno datum a m\u00edsto zve\u0159ejn\u011bn\u00ed listiny navr\u017een\u00fdch kandid\u00e1t\u016f.<br>4. P\u0159edseda volebn\u00ed komise svol\u00e1 shrom\u00e1\u017ed\u011bn\u00ed pedagog\u016f, na kter\u00e9m:<br>a) vyhl\u00e1s\u00ed m\u00edsto a term\u00edn kon\u00e1n\u00ed voleb do \u0161kolsk\u00e9 rady<br>b) vyzve pedagogy k&nbsp;pod\u00e1n\u00ed n\u00e1vrh\u016f kandid\u00e1t\u016f na \u010dleny \u0161kolsk\u00e9 rady ze sv\u00fdch<br>\u0159ad, kter\u00fdch mus\u00ed b\u00fdt za \u0161kolu minim\u00e1ln\u011b 6 pro volbu 3 \u010dlen\u016f a 3<br>n\u00e1hradn\u00edk\u016f<br>c) ozn\u00e1m\u00ed datum a m\u00edsto zve\u0159ejn\u011bn\u00ed listiny navr\u017een\u00fdch kandid\u00e1t\u016f.<br>5. Volebn\u00ed komise zve\u0159ejn\u00ed na ve\u0159ejn\u011b p\u0159\u00edstupn\u00e9m m\u00edst\u011b kandid\u00e1tn\u00ed listinu jak z&nbsp;\u0159ad pedagog\u016f, tak z&nbsp;\u0159ad z\u00e1konn\u00fdch z\u00e1stupc\u016f,<\/p>\n\n\n\n<p class=\"wp-block-paragraph\">a d\u00e1le m\u00edsto a term\u00edn kon\u00e1n\u00ed voleb do \u0161kolsk\u00e9 rady, a to do p\u011bti dn\u016f po kon\u00e1n\u00ed p\u0159\u00edslu\u0161n\u00e9ho shrom\u00e1\u017ed\u011bn\u00ed. Zve\u0159ejn\u011bn\u00ed potrv\u00e1 do doby kon\u00e1n\u00ed voleb.<br>6. Volebn\u00ed komise vypracuje seznam voli\u010d\u016f z\u00e1konn\u00fdch z\u00e1stupc\u016f a seznam voli\u010d\u016f<br>pedagog\u016f pro \u00fa\u010del p\u0159ehledu o \u00fa\u010dasti na hlasov\u00e1n\u00ed. Seznam voli\u010d\u016f z\u00e1konn\u00fdch<br>z\u00e1stupc\u016f obsahuje minim\u00e1ln\u011b jm\u00e9no a p\u0159\u00edjmen\u00ed z\u00e1konn\u00e9ho z\u00e1stupce a jm\u00e9no a<br>p\u0159\u00edjmen\u00ed jeho nezletil\u00e9ho d\u00edt\u011bte.<br>7. Volebn\u00ed komise zajist\u00ed hlasovac\u00ed l\u00edstky zvl\u00e1\u0161\u0165 pro hlasov\u00e1n\u00ed podle kandid\u00e1tn\u00ed listiny<br>z\u00e1konn\u00fdch z\u00e1stupc\u016f a zvl\u00e1\u0161\u0165 pro hlasov\u00e1n\u00ed podle kandid\u00e1tn\u00ed listiny pedagog\u016f.<br>8. Volby se mus\u00ed konat nejpozd\u011bji do 60 dn\u016f ode dne kon\u00e1n\u00ed p\u0159\u00edslu\u0161n\u00e9ho<br>shrom\u00e1\u017ed\u011bn\u00ed, a to v&nbsp;jednom dni, doba pro hlasov\u00e1n\u00ed je minim\u00e1ln\u011b 10 hodin, datum<br>si ur\u010d\u00ed \u0159editel \u0161koly.<\/p>\n\n\n\n<p class=\"wp-block-paragraph\">\u010cl. 4 \u2013 Volba \u010dlen\u016f \u0161kolsk\u00e9 rady<\/p>\n\n\n\n<p class=\"wp-block-paragraph\">1. \u010cleny \u0161kolsk\u00e9 rady vol\u00ed z\u00e1konn\u00ed z\u00e1stupci a pedagogov\u00e9 tajn\u00fdm hlasov\u00e1n\u00edm, tj.<\/p>\n\n\n\n<p class=\"wp-block-paragraph\">2.<br>vhozen\u00edm upraven\u00e9ho hlasovac\u00edho l\u00edstku do volebn\u00ed urny, zape\u010det\u011bn\u00e9 raz\u00edtkem<br>\u0161koly.<br>2. P\u0159ed hlasov\u00e1n\u00ed jsou z\u00e1konn\u00ed z\u00e1stupci povinni prok\u00e1zat sv\u016fj vztah k&nbsp;\u017e\u00e1kovi, a to<br>nap\u0159\u00edklad platn\u00fdm ob\u010dansk\u00fdm pr\u016fkazem, cestovn\u00edm pasem, ve kter\u00e9m jsou<br>uvedena jm\u00e9na jejich nezletil\u00fdch d\u011bt\u00ed, rodn\u00fdm listem \u017e\u00e1ka atd. Volebn\u00ed komise<br>u\u010din\u00ed z\u00e1znam o t\u00e9to skute\u010dnosti v&nbsp;podob\u011b za\u0161krtnut\u00ed jm\u00e9na voli\u010de v&nbsp;seznamu voli\u010d\u016f<br>z\u00e1konn\u00fdch z\u00e1stupc\u016f.<br>3. Na hlasovac\u00edm l\u00edstku mohou b\u00fdt zatr\u017eeni pouze 3 kandid\u00e1ti, je-li zatr\u017een vy\u0161\u0161\u00ed<br>po\u010det kandid\u00e1t\u016f, posuzuje se hlasovac\u00ed l\u00edstek jako neplatn\u00fd, neplatn\u00fd je t\u00e9\u017e<br>hlasovac\u00ed l\u00edstek p\u0159etr\u017een\u00fd, nebo s&nbsp;dopisovan\u00fdmi \u00fadaji.<br>4. Po skon\u010den\u00ed voleb provede volebn\u00ed komise vy\u0159azen\u00ed neplatn\u00fdch hlasovac\u00edch l\u00edstk\u016f a<br>z&nbsp;platn\u00fdch hlasovac\u00edch l\u00edstk\u016f sestav\u00ed po\u0159ad\u00ed kandid\u00e1t\u016f s&nbsp;uveden\u00edm po\u010dtu z\u00edskan\u00fdch<br>hlas\u016f.<br>5. Za zvolen\u00e9 \u010dleny jsou pova\u017eov\u00e1ni 3 kandid\u00e1ti, kte\u0159\u00ed z\u00edskali nejv\u011bt\u0161\u00ed po\u010det hlas\u016f, p\u0159i<br>rovnosti po\u010dtu hlas\u016f se stanov\u00ed po\u0159ad\u00ed losem.<br>6. Ostatn\u00ed kandid\u00e1ti, kte\u0159\u00ed se um\u00edstili po\u010dtem z\u00edskan\u00fdch hlas\u016f od 4. m\u00edsta v\u00fd\u0161e, jsou<br>zvoleni jako n\u00e1hradn\u00edci pro p\u0159\u00edpad skon\u010den\u00ed mand\u00e1tu zvolen\u00e9ho \u010dlena ve \u0161kolsk\u00e9<br>rad\u011b v&nbsp;pr\u016fb\u011bhu dan\u00e9ho t\u0159\u00edlet\u00e9ho volebn\u00edho obdob\u00ed a st\u00e1vaj\u00ed se tak n\u00e1sledn\u011b<br>platn\u00fdmi \u010dleny \u0161kolsk\u00e9 rady.<br>7. V&nbsp;p\u0159\u00edpad\u011b, \u017ee zvolen\u00fd \u010dlen \u0161kolsk\u00e9 rady ukon\u010d\u00ed sv\u016fj mand\u00e1t v&nbsp;pr\u016fb\u011bhu jeho<br>funk\u010dn\u00edho t\u0159\u00edlet\u00e9ho obdob\u00ed a nejsou zvoleni n\u00e1hradn\u00edci pro p\u0159\u00edpad skon\u010den\u00ed<br>mand\u00e1tu zvolen\u00e9ho \u010dlena ve \u0161kolsk\u00e9 rad\u011b, provede volebn\u00ed komise dopl\u0148ovac\u00ed<br>volby podle tohoto volebn\u00edho \u0159\u00e1du obdobn\u011b.<br>8. Nezvol\u00ed-li&nbsp; z\u00e1konn\u00ed z\u00e1stupci stanoven\u00fd po\u010det \u010dlen\u016f \u0161kolsk\u00e9 rady ani na z\u00e1klad\u011b<br>opakovan\u00e9 v\u00fdzvy, jmenuje zb\u00fdvaj\u00edc\u00ed \u010dleny \u0161kolsk\u00e9 rady \u0159editel \u0161koly.<br>9. Volebn\u00ed komise zpracuje z\u00e1pis o proveden\u00ed a v\u00fdsledc\u00edch voleb do \u0161kolsk\u00e9 rady a<br>p\u0159ed\u00e1 jej na v\u011bdom\u00ed Rad\u011b m\u011bsta \u010cel\u00e1kovic, prost\u0159ednictv\u00edm odboru \u0161kolstv\u00ed,<br>informac\u00ed a kultury a zvolen\u00e9 \u0161kolsk\u00e9 rad\u011b.<br>10. Z\u00e1pis obsahuje:<br>a) listiny kandid\u00e1t\u016f na \u010dleny \u0161kolsk\u00e9 rady z&nbsp;\u0159ad z\u00e1konn\u00fdch z\u00e1stupc\u016f a z&nbsp;\u0159ad<br>pedagog\u016f<br>b) po\u010det opr\u00e1vn\u011bn\u00fdch voli\u010d\u016f a po\u010det z\u00fa\u010dastn\u011bn\u00fdch voli\u010d\u016f z&nbsp;\u0159ad z\u00e1konn\u00fdch<br>z\u00e1stupc\u016f a z&nbsp;\u0159ad pedagog\u016f<br>c) jm\u00e9na zvolen\u00fdch \u010dlen\u016f \u0161kolsk\u00e9 rady z&nbsp;\u0159ad z\u00e1konn\u00fdch z\u00e1stupc\u016f a z&nbsp;\u0159ad<br>pedagog\u016f a po\u0159ad\u00ed n\u00e1hradn\u00edk\u016f, v\u010detn\u011b uveden\u00ed z\u00edskan\u00e9ho po\u010dtu hlas\u016f<br>d) jin\u00e9 skute\u010dnosti, kter\u00e9 se vyskytly v&nbsp;pr\u016fb\u011bhu voleb.<br>e) podpis p\u0159edsedy volebn\u00ed komise.<\/p>\n\n\n\n<p class=\"wp-block-paragraph\">\u010cl. 5 \u2013 Ustaven\u00ed \u0161kolsk\u00e9 rady<\/p>\n\n\n\n<p class=\"wp-block-paragraph\">1. Prvn\u00ed zased\u00e1n\u00ed \u0161kolsk\u00e9 rady svol\u00e1v\u00e1 \u0159editel \u0161koly nejpozd\u011bji do 30 dn\u016f od vyhl\u00e1\u0161en\u00ed<br>v\u00fdsledk\u016f voleb (v&nbsp;p\u0159\u00edpad\u011b, \u017ee se volby do \u0161kolsk\u00e9 rady konaj\u00ed v&nbsp;m\u011bs\u00edci \u010dervnu a\u017e<br>srpnu, svol\u00e1 \u0159editel prvn\u00ed zased\u00e1n\u00ed \u0161kolsk\u00e9 rady nejpozd\u011bji do konce z\u00e1\u0159\u00ed).<br>2. Ka\u017ed\u00e9 dal\u0161\u00ed zased\u00e1n\u00ed svol\u00e1v\u00e1 p\u0159edseda \u0161kolsk\u00e9 rady, a to nejm\u00e9n\u011b dvakr\u00e1t ro\u010dn\u011b.<\/p>\n\n\n\n<p class=\"wp-block-paragraph\">3.<br>\u010cl. 6 \u2013 Z\u00e1v\u011bre\u010dn\u00e1 ustanoven\u00ed<\/p>\n\n\n\n<p class=\"wp-block-paragraph\">1. \u0160kolskou radu na Z\u00e1kladn\u00ed \u0161kole \u010cel\u00e1kovice, J.A.Komensk\u00e9ho 414&nbsp; z\u0159izuje Rada<br>m\u011bsta \u010cel\u00e1kovic sv\u00fdm usnesen\u00edm \u010d.07\/2005\/38 ze dne 4.8.2005.<br>3.<br>\u0160kolskou radu na Z\u00e1kladn\u00ed \u0161kole \u010cel\u00e1kovice , Kosteln\u00ed 457 z\u0159izuje Rada m\u011bsta<br>\u010cel\u00e1kovic sv\u00fdm usnesen\u00edm \u010d. 07\/2005\/39 ze dne 4.8.2005.<br>2. Tento volebn\u00ed \u0159\u00e1d vyd\u00e1v\u00e1 Rada m\u011bsta \u010cel\u00e1kovic sv\u00fdm usnesen\u00edm \u010d. 07\/2005\/40 ze<br>dne 4.8.2005.<br>3. Tento volebn\u00ed \u0159\u00e1d nab\u00fdv\u00e1 \u00fa\u010dinnosti dnem 1. 9. 2005.<\/p>\n\n\n\n<p class=\"wp-block-paragraph\">Ing. Bohumil Klicpera&nbsp;&nbsp; &nbsp;&nbsp;&nbsp; &nbsp;&nbsp;&nbsp; &nbsp;&nbsp;&nbsp; &nbsp;&nbsp;&nbsp; &nbsp;Mgr. Franti\u0161ek Bodl\u00e1k<br>starosta m\u011bsta &nbsp;&nbsp; &nbsp;&nbsp;&nbsp; &nbsp;&nbsp;&nbsp; &nbsp;&nbsp;&nbsp; &nbsp;&nbsp;&nbsp; &nbsp;&nbsp;&nbsp; &nbsp;m\u00edstostarosta m\u011bsta<\/p>\n","protected":false},"excerpt":{"rendered":"<p>Volebn\u00ed \u0159\u00e1d \u0161kolsk\u00e9 rady M\u011bsto \u010cel\u00e1kovice, se s\u00eddlem M\u011bstsk\u00fd \u00fa\u0159ad v&nbsp;\u010cel\u00e1kovic\u00edch, n\u00e1m. 5. kv\u011btna 1, vyd\u00e1v\u00e1 na z\u00e1klad\u011b \u00a7 167 &hellip; <\/p>\n","protected":false},"author":1,"featured_media":0,"parent":0,"menu_order":0,"comment_status":"closed","ping_status":"closed","template":"","meta":{"footnotes":""},"class_list":["post-1008","page","type-page","status-publish","hentry","latest_post"],"_links":{"self":[{"href":"https:\/\/www.zscelakovice.cz\/_new\/index.php\/wp-json\/wp\/v2\/pages\/1008","targetHints":{"allow":["GET"]}}],"collection":[{"href":"https:\/\/www.zscelakovice.cz\/_new\/index.php\/wp-json\/wp\/v2\/pages"}],"about":[{"href":"https:\/\/www.zscelakovice.cz\/_new\/index.php\/wp-json\/wp\/v2\/types\/page"}],"author":[{"embeddable":true,"href":"https:\/\/www.zscelakovice.cz\/_new\/index.php\/wp-json\/wp\/v2\/users\/1"}],"replies":[{"embeddable":true,"href":"https:\/\/www.zscelakovice.cz\/_new\/index.php\/wp-json\/wp\/v2\/comments?post=1008"}],"version-history":[{"count":2,"href":"https:\/\/www.zscelakovice.cz\/_new\/index.php\/wp-json\/wp\/v2\/pages\/1008\/revisions"}],"predecessor-version":[{"id":1405,"href":"https:\/\/www.zscelakovice.cz\/_new\/index.php\/wp-json\/wp\/v2\/pages\/1008\/revisions\/1405"}],"wp:attachment":[{"href":"https:\/\/www.zscelakovice.cz\/_new\/index.php\/wp-json\/wp\/v2\/media?parent=1008"}],"curies":[{"name":"wp","href":"https:\/\/api.w.org\/{rel}","templated":true}]}}