{"id":1010,"date":"2026-02-03T15:14:21","date_gmt":"2026-02-03T15:14:21","guid":{"rendered":"https:\/\/www.zscelakovice.cz\/_new\/?page_id=1010"},"modified":"2026-07-23T13:10:02","modified_gmt":"2026-07-23T13:10:02","slug":"jednaci-rad","status":"publish","type":"page","link":"https:\/\/www.zscelakovice.cz\/_new\/index.php\/jednaci-rad\/","title":{"rendered":"Jednac\u00ed \u0159\u00e1d"},"content":{"rendered":"\n<p class=\"wp-block-paragraph\"><strong>Jednac\u00ed \u0159\u00e1d \u0161kolsk\u00e9 rady p\u0159i Z\u0160 Komensk\u00e9ho 414 \u010cel\u00e1kovice<\/strong><\/p>\n\n\n\n<p class=\"wp-block-paragraph\">1. \u00davodn\u00ed ustanoven\u00ed<\/p>\n\n\n\n<p class=\"wp-block-paragraph\">Usnesen\u00edm Rady m\u011bsta \u010cel\u00e1kovice byla z\u0159\u00edzena \u0161kolsk\u00e1 rada ve smyslu ustanoven\u00ed \u00a7 167 odst. 2 z\u00e1kona \u010d. 561\/2004 Sb., o p\u0159ed\u0161koln\u00edm, z\u00e1kladn\u00edm, st\u0159edn\u00edm, vy\u0161\u0161\u00edm odborn\u00e9m a jin\u00e9m vzd\u011bl\u00e1v\u00e1n\u00ed (\u0161kolsk\u00fd z\u00e1kon), ve zn\u011bn\u00ed st\u00e1vaj\u00edc\u00edch p\u0159edpis\u016f.<\/p>\n\n\n\n<p class=\"wp-block-paragraph\">\u010cinnost \u0161kolsk\u00e9 rady se \u0159\u00edd\u00ed \u00a7 167 a \u00a7 168 z\u00e1kona \u010d. 561\/2004 Sb., o p\u0159ed\u0161koln\u00edm, z\u00e1kladn\u00edm, st\u0159edn\u00edm, vy\u0161\u0161\u00edm odborn\u00e9m a jin\u00e9m vzd\u011bl\u00e1v\u00e1n\u00ed (\u0161kolsk\u00fd z\u00e1kon), ve zn\u011bn\u00ed st\u00e1vaj\u00edc\u00edch p\u0159edpis\u016f.<\/p>\n\n\n\n<p class=\"wp-block-paragraph\">\u0160kolsk\u00e1 rada je dev\u00edti\u010dlenn\u00e1, slo\u017een\u00e1 z&nbsp;p\u0159edsedy a dal\u0161\u00edch \u010dlen\u016f.<\/p>\n\n\n\n<p class=\"wp-block-paragraph\">2. P\u0159\u00edprava jedn\u00e1n\u00ed<\/p>\n\n\n\n<p class=\"wp-block-paragraph\">\u0160kolsk\u00e1 rada se sch\u00e1z\u00ed ke sv\u00fdm zased\u00e1n\u00edm podle pot\u0159eby, nejm\u00e9n\u011b v\u0161ak dvakr\u00e1t ro\u010dn\u011b. Term\u00edny sch\u016fz\u00ed se stanov\u00ed s&nbsp;ohledem na \u010dinnost \u0160R stanoven\u00e9 \u0161kolsk\u00fdm z\u00e1konem.<\/p>\n\n\n\n<p class=\"wp-block-paragraph\">Zased\u00e1n\u00ed \u0161kolsk\u00e9 rady svol\u00e1v\u00e1 jej\u00ed p\u0159edseda sedm dn\u016f p\u0159ed zased\u00e1n\u00edm.<\/p>\n\n\n\n<p class=\"wp-block-paragraph\">Zased\u00e1n\u00ed \u0161kolsk\u00e9 r\u00e1dy jsou neve\u0159ejn\u00e1. Na vyzv\u00e1n\u00ed p\u0159edsedy se zased\u00e1n\u00ed z\u00fa\u010dastn\u00ed \u0159editel \u0161koly nebo j\u00edm pov\u011b\u0159en\u00fd z\u00e1stupce, p\u0159\u00edpadn\u011b dal\u0161\u00ed p\u0159izvan\u00e9 osoby.<\/p>\n\n\n\n<p class=\"wp-block-paragraph\">Program jedn\u00e1n\u00ed navrhuje p\u0159edseda \u0161kolsk\u00e9 rady. Vych\u00e1z\u00ed p\u0159itom z&nbsp;povinnost\u00ed ulo\u017een\u00fdch \u0161kolsk\u00e9 rad\u011b \u0161kolsk\u00fdm z\u00e1konem a z&nbsp;podn\u011bt\u016f a n\u00e1vrh\u016f \u010dlen\u016f \u0161kolsk\u00e9 rady.<\/p>\n\n\n\n<p class=\"wp-block-paragraph\">Zased\u00e1n\u00ed \u0159\u00edd\u00ed jej\u00ed p\u0159edseda, nebo j\u00edm ur\u010den\u00fd \u010dlen \u0161kolsk\u00e9 rady.<\/p>\n\n\n\n<p class=\"wp-block-paragraph\">3. Jedn\u00e1n\u00ed a rozhodov\u00e1n\u00ed<\/p>\n\n\n\n<p class=\"wp-block-paragraph\">Ze zased\u00e1n\u00ed \u0161kolsk\u00e9 rady se po\u0159izuje prezen\u010dn\u00ed listina a z\u00e1pis. P\u0159edsedaj\u00edc\u00ed \u0161kolsk\u00e9 rady po zah\u00e1jen\u00ed zjist\u00ed po\u010det p\u0159\u00edtomn\u00fdch \u010dlen\u016f a konstatuje, zda je \u0161kolsk\u00e1 rada schopna se usn\u00e1\u0161et. \u0160kolsk\u00e1 rada je schopna se usn\u00e1\u0161et, \u00fa\u010dastn\u00ed-li se jej\u00edho zased\u00e1n\u00ed nadpolovi\u010dn\u00ed v\u011bt\u0161ina v\u0161ech \u010dlen\u016f \u0160R. O\u0159i rovnosti hlas\u016f rozhoduje hlas p\u0159edsedy \u0161kolsk\u00e9 rady.<\/p>\n\n\n\n<p class=\"wp-block-paragraph\">P\u0159edsedaj\u00edc\u00ed p\u0159edlo\u017e\u00ed \u0161kolsk\u00e9 rad\u011b n\u00e1vrh programu zased\u00e1n\u00ed, kter\u00fd m\u016f\u017ee b\u00fdt na z\u00e1klad\u011b n\u00e1vrh\u016f a p\u0159ipom\u00ednek \u010dlen\u016f \u0161kolsk\u00e9 rady upraven. Dal\u0161\u00ed jedn\u00e1n\u00ed prob\u00edh\u00e1 podle schv\u00e1len\u00e9ho programu. Schv\u00e1len\u00fd program lze b\u011bhem jedn\u00e1n\u00ed m\u011bnit jen se souhlasem nadpolovi\u010dn\u00ed v\u011bt\u0161iny p\u0159\u00edtomn\u00fdch \u010dlen\u016f \u0161kolsk\u00e9 rady. N\u00e1vrh na zm\u011bnu m\u016f\u017ee podat kter\u00fdkoli \u010dlen \u0161kolsk\u00e9 rady p\u0159edsedaj\u00edc\u00edmu.<\/p>\n\n\n\n<p class=\"wp-block-paragraph\">Z\u00e1pis ze zased\u00e1n\u00ed \u0161kolsk\u00e9 rady vyhotovuje pov\u011b\u0159en\u00fd \u010dlen \u0161kolsk\u00e9 rady a rozes\u00edl\u00e1 je ostatn\u00edm \u010dlen\u016fm \u0160R. Usnesen\u00ed \u0161kolsk\u00e9 rady podepisuje p\u0159edseda a dal\u0161\u00ed pov\u011b\u0159en\u00fd \u010dlen \u0161kolsk\u00e9 rady.<\/p>\n\n\n\n<p class=\"wp-block-paragraph\">4. Z\u00e1v\u011bre\u010dn\u00e1 ustanoven\u00ed<\/p>\n\n\n\n<p class=\"wp-block-paragraph\">Nejm\u00e9n\u011b jednou ro\u010dn\u011b \u0161kolsk\u00e1 rada informuje z\u00e1konn\u00e9 z\u00e1stupce nezletil\u00fdch \u017e\u00e1k\u016f \u0161koly, pedagogick\u00e9 pracovn\u00edky a z\u0159izovatele o v\u00fdsledc\u00edch sv\u00e9 \u010dinnosti za uplynul\u00e9 obdob\u00ed. Sou\u010d\u00e1st\u00ed t\u00e9to informace budou informace o pr\u016fb\u011bhu schvalov\u00e1n\u00ed dokument\u016f podle \u00a7 168 odst. 1 p\u00edsm. b) a\u017e d) \u0161kolsk\u00e9ho z\u00e1kona a \u00fadaje, zda \u0161kolsk\u00e1 rada projedn\u00e1vala a vyjad\u0159ovala sv\u016fj n\u00e1zor k&nbsp;dokument\u016fm uveden\u00fdm v \u00a7 168 odst. 1 p\u00edsm. a), e), f), g), h) \u0161kolsk\u00e9ho z\u00e1kona. O schv\u00e1len\u00ed dokument\u016f uveden\u00fdch v&nbsp;odst. 1 p\u00edsm. b) a\u017e d) rozhodne \u0161kolsk\u00e1 rada do jednoho m\u011bs\u00edc od jejich p\u0159edlo\u017een\u00ed \u0159editelem \u0161koly. Pokud \u0161kolsk\u00e1 rada tento dokument neschv\u00e1l\u00ed, \u0159editel \u0161koly p\u0159edlo\u017e\u00ed dokument k&nbsp;nov\u00e9mu projedn\u00e1n\u00ed do jednoho m\u011bs\u00edce. Opakovan\u00e9ho projedn\u00e1n\u00ed se \u00fa\u010dastn\u00ed z\u0159izovatel. Nen\u00ed-li dokument schv\u00e1len ani p\u0159i opakovan\u00e9m projedn\u00e1n\u00ed, nebo pokud \u0161kolsk\u00e1 rada neprojedn\u00e1 dokumenty uveden\u00e9 v&nbsp;odst. 1 p\u00edsm. b) a\u017e d) do jednoho m\u011bs\u00edce od jejich p\u0159edlo\u017een\u00ed \u0159editelem \u0161koly, rozhodne o dal\u0161\u00edm postupu bez zbyte\u010dn\u00e9ho odkladu z\u0159izovatel.<\/p>\n\n\n\n<p class=\"wp-block-paragraph\">Zm\u011bny jednac\u00edho \u0159\u00e1du podl\u00e9haj\u00ed schv\u00e1len\u00ed \u0161kolskou radou.<\/p>\n\n\n\n<p class=\"wp-block-paragraph\"><\/p>\n\n\n\n<h2 class=\"wp-block-heading\"><a href=\"#_top\">1. Pr\u00e1vn\u00ed p\u0159edpisy<\/a><\/h2>\n\n\n\n<p class=\"wp-block-paragraph\"><em>\u00a7 167<\/em><\/p>\n\n\n\n<p class=\"wp-block-paragraph\"><em>(1) P\u0159i z\u00e1kladn\u00edch, st\u0159edn\u00edch a vy\u0161\u0161\u00edch odborn\u00fdch \u0161kol\u00e1ch se z\u0159izuje \u0161kolsk\u00e1 rada. \u0160kolsk\u00e1 rada je org\u00e1n \u0161koly umo\u017e\u0148uj\u00edc\u00ed z\u00e1konn\u00fdm z\u00e1stupc\u016fm nezletil\u00fdch \u017e\u00e1k\u016f, zletil\u00fdm \u017e\u00e1k\u016fm a student\u016fm, pedagogick\u00fdm pracovn\u00edk\u016fm \u0161koly, z\u0159izovateli a dal\u0161\u00edm osob\u00e1m pod\u00edlet se na spr\u00e1v\u011b \u0161koly. Pokud je sou\u010d\u00e1st\u00ed pr\u00e1vnick\u00e9 osoby v\u00edce t\u011bchto \u0161kol, je mo\u017en\u00e9 z\u0159\u00eddit jednu \u0161kolskou radu.<\/em><\/p>\n\n\n\n<p class=\"wp-block-paragraph\"><em>(2) \u0160kolskou radu z\u0159izuje z\u0159izovatel, kter\u00fd z\u00e1rove\u0148 stanov\u00ed po\u010det jej\u00edch \u010dlen\u016f a vyd\u00e1 jej\u00ed volebn\u00ed \u0159\u00e1d. T\u0159etinu \u010dlen\u016f \u0161kolsk\u00e9 rady jmenuje z\u0159izovatel, t\u0159etinu vol\u00ed z\u00e1konn\u00ed z\u00e1stupci nezletil\u00fdch \u017e\u00e1k\u016f a zletil\u00ed \u017e\u00e1ci a studenti a t\u0159etinu vol\u00ed pedagogi\u010dt\u00ed pracovn\u00edci dan\u00e9 \u0161koly. \u010clenem \u0161kolsk\u00e9 rady nem\u016f\u017ee b\u00fdt \u0159editel \u0161koly. Ve \u0161kol\u00e1ch, kter\u00e9 nejsou z\u0159\u00edzeny st\u00e1tem, krajem, obc\u00ed nebo svazkem obc\u00ed, pln\u00ed \u00fakoly z\u0159izovatele podle v\u011bty prvn\u00ed a druh\u00e9 \u0159editel \u0161koly.<\/em><\/p>\n\n\n\n<p class=\"wp-block-paragraph\"><em>(3) T\u00fd\u017e \u010dlen \u0161kolsk\u00e9 rady nem\u016f\u017ee b\u00fdt sou\u010dasn\u011b jmenov\u00e1n z\u0159izovatelem, zvolen z\u00e1konn\u00fdmi z\u00e1stupci nezletil\u00fdch \u017e\u00e1k\u016f a zletil\u00fdmi \u017e\u00e1ky a studenty nebo zvolen pedagogick\u00fdmi pracovn\u00edky \u0161koly. Pedagogick\u00fd pracovn\u00edk \u0161koly nem\u016f\u017ee b\u00fdt zvolen za \u010dlena \u0161kolsk\u00e9 rady t\u00e9to \u0161koly z\u00e1konn\u00fdmi z\u00e1stupci nezletil\u00fdch \u017e\u00e1k\u016f a zletil\u00fdmi \u017e\u00e1ky a studenty ani jmenov\u00e1n z\u0159izovatelem nebo \u0159editelem \u0161koly.<\/em><\/p>\n\n\n\n<p class=\"wp-block-paragraph\"><em>(4) \u0158editel \u0161koly zajist\u00ed v souladu s volebn\u00edm \u0159\u00e1dem \u0159\u00e1dn\u00e9 uskute\u010dn\u011bn\u00ed voleb do \u0161kolsk\u00e9 rady.<\/em><\/p>\n\n\n\n<p class=\"wp-block-paragraph\"><em>(5) Nezvol\u00ed-li z\u00e1konn\u00ed z\u00e1stupci nezletil\u00fdch \u017e\u00e1k\u016f nebo zletil\u00ed \u017e\u00e1ci a studenti stanoven\u00fd po\u010det \u010dlen\u016f \u0161kolsk\u00e9 rady ani na z\u00e1klad\u011b opakovan\u00e9 v\u00fdzvy, jmenuje zb\u00fdvaj\u00edc\u00ed \u010dleny \u0161kolsk\u00e9 rady \u0159editel \u0161koly.<\/em><\/p>\n\n\n\n<p class=\"wp-block-paragraph\"><em>(6) Funk\u010dn\u00ed obdob\u00ed \u010dlen\u016f \u0161kolsk\u00e9 rady je t\u0159i roky.<\/em><\/p>\n\n\n\n<p class=\"wp-block-paragraph\"><em>(7) \u0160kolsk\u00e1 rada zased\u00e1 nejm\u00e9n\u011b dvakr\u00e1t ro\u010dn\u011b; zased\u00e1n\u00ed \u0161kolsk\u00e9 rady svol\u00e1v\u00e1 jej\u00ed p\u0159edseda, prvn\u00ed zased\u00e1n\u00ed \u0161kolsk\u00e9 rady svol\u00e1v\u00e1 \u0159editel \u0161koly. \u0158editel \u0161koly nebo j\u00edm pov\u011b\u0159en\u00fd z\u00e1stupce je povinen z\u00fa\u010dastnit se zased\u00e1n\u00ed \u0161kolsk\u00e9 rady na vyzv\u00e1n\u00ed jej\u00edho p\u0159edsedy. \u0160kolsk\u00e1 rada na sv\u00e9m prvn\u00edm zased\u00e1n\u00ed stanov\u00ed sv\u016fj jednac\u00ed \u0159\u00e1d a zvol\u00ed sv\u00e9ho p\u0159edsedu. K p\u0159ijet\u00ed jednac\u00edho \u0159\u00e1du se vy\u017eaduje schv\u00e1len\u00ed nadpolovi\u010dn\u00ed v\u011bt\u0161inou v\u0161ech \u010dlen\u016f \u0161kolsk\u00e9 rady.<\/em><\/p>\n\n\n\n<p class=\"wp-block-paragraph\"><em>(8) P\u0159ed\u010dasn\u00e9 volby do funkce volen\u00e9ho \u010dlena \u0161kolsk\u00e9 rady lze konat, po\u017e\u00e1d\u00e1-li o to \u0159editele \u0161koly alespo\u0148 v\u011bt\u0161ina voli\u010d\u016f opr\u00e1vn\u011bn\u00fdch podle odstavce 2 volit tohoto \u010dlena \u0161kolsk\u00e9 rady, kter\u00e1 je podle volebn\u00edho \u0159\u00e1du nezbytn\u00e1 ke zvolen\u00ed \u010dlena \u0161kolsk\u00e9 rady. Dopl\u0148ovac\u00ed volby do \u0161kolsk\u00e9 rady se v souladu s volebn\u00edm \u0159\u00e1dem konaj\u00ed, p\u0159estane-li b\u00fdt volen\u00fd \u010dlen \u0161kolsk\u00e9 rady jej\u00edm \u010dlenem p\u0159ed skon\u010den\u00edm funk\u010dn\u00edho obdob\u00ed z d\u016fvod\u016f stanoven\u00fdch v odstavci 9 p\u00edsm. a) a\u017e d). Funk\u010dn\u00ed obdob\u00ed \u010dlena \u0161kolsk\u00e9 rady zvolen\u00e9ho v p\u0159ed\u010dasn\u00fdch nebo dopl\u0148ovac\u00edch volb\u00e1ch kon\u010d\u00ed shodn\u011b s funk\u010dn\u00edm obdob\u00edm \u010dlen\u016f \u0161kolsk\u00e9 rady zvolen\u00fdch v \u0159\u00e1dn\u00fdch volb\u00e1ch.<\/em><\/p>\n\n\n\n<p class=\"wp-block-paragraph\">(9) Funkce \u010dlena \u0161kolsk\u00e9 rady skon\u010d\u00ed p\u0159ed uplynut\u00edm funk\u010dn\u00edho obdob\u00ed<\/p>\n\n\n\n<p class=\"wp-block-paragraph\"><em>a) vzd\u00e1n\u00edm se funkce p\u00edsemn\u00fdm prohl\u00e1\u0161en\u00edm do rukou p\u0159edsedy \u0161kolsk\u00e9 rady,<\/em><\/p>\n\n\n\n<p class=\"wp-block-paragraph\"><em>b) dnem doru\u010den\u00ed p\u00edsemn\u00e9ho odvol\u00e1n\u00ed jmenovan\u00e9ho \u010dlena \u0161kolsk\u00e9 rady z\u0159izovatelem do rukou p\u0159edsedy \u0161kolsk\u00e9 rady,<\/em><\/p>\n\n\n\n<p class=\"wp-block-paragraph\"><em>c) vznikem neslu\u010ditelnosti podle odstavce 2 v\u011bty t\u0159et\u00ed,<\/em><\/p>\n\n\n\n<p class=\"wp-block-paragraph\"><em>d) v p\u0159\u00edpad\u011b opakovan\u00e9 neomluven\u00e9 ne\u00fa\u010dasti na zased\u00e1n\u00ed \u0161kolsk\u00e9 rady, pokud tak stanov\u00ed volebn\u00ed \u0159\u00e1d, nebo<\/em><\/p>\n\n\n\n<p class=\"wp-block-paragraph\"><em>e) dnem, kdy byl do funkce \u010dlena \u0161kolsk\u00e9 rady zvolen nov\u00fd \u010dlen v p\u0159ed\u010dasn\u00fdch volb\u00e1ch podle odstavce 8 v\u011bty prvn\u00ed,<\/em><\/p>\n\n\n\n<p class=\"wp-block-paragraph\"><em>f)dnem, kdy z\u00e1stupce pedagogick\u00fdch pracovn\u00edk\u016f p\u0159estane b\u00fdt v&nbsp;pracovn\u011b pr\u00e1vn\u00edm vztahu ke \u0161kole nebo u z\u00e1konn\u00fdch z\u00e1stupc\u016f nezletil\u00fdch \u017e\u00e1k\u016f, nebo student\u016f dnem, kdy p\u0159estane b\u00fdt tento nezletil\u00fd \u017e\u00e1k \u017e\u00e1kem \u010di studentem \u0161koly.<\/em><\/p>\n\n\n\n<p class=\"wp-block-paragraph\"><em>\u00a7 168<\/em><\/p>\n\n\n\n<p class=\"wp-block-paragraph\"><em>(1) \u0160kolsk\u00e1 rada<\/em><\/p>\n\n\n\n<p class=\"wp-block-paragraph\"><em>a) vyjad\u0159uje se k n\u00e1vrh\u016fm \u0161koln\u00edch vzd\u011bl\u00e1vac\u00edch program\u016f a k jejich n\u00e1sledn\u00e9mu uskute\u010d\u0148ov\u00e1n\u00ed,<\/em><\/p>\n\n\n\n<p class=\"wp-block-paragraph\"><em>b) schvaluje v\u00fdro\u010dn\u00ed zpr\u00e1vu o \u010dinnosti \u0161koly,<\/em><\/p>\n\n\n\n<p class=\"wp-block-paragraph\"><em>c) schvaluje \u0161koln\u00ed \u0159\u00e1d, ve st\u0159edn\u00edch a vy\u0161\u0161\u00edch odborn\u00fdch \u0161kol\u00e1ch stipendijn\u00ed \u0159\u00e1d, a navrhuje jejich zm\u011bny,<\/em><\/p>\n\n\n\n<p class=\"wp-block-paragraph\"><em>d) schvaluje pravidla pro hodnocen\u00ed v\u00fdsledk\u016f vzd\u011bl\u00e1v\u00e1n\u00ed \u017e\u00e1k\u016f v z\u00e1kladn\u00edch a st\u0159edn\u00edch \u0161kol\u00e1ch,<\/em><\/p>\n\n\n\n<p class=\"wp-block-paragraph\"><em>e) pod\u00edl\u00ed se na zpracov\u00e1n\u00ed koncep\u010dn\u00edch z\u00e1m\u011br\u016f rozvoje \u0161koly,<\/em><\/p>\n\n\n\n<p class=\"wp-block-paragraph\"><em>f) projedn\u00e1v\u00e1 n\u00e1vrh rozpo\u010dtu pr\u00e1vnick\u00e9 osoby na dal\u0161\u00ed rok a navrhuje opat\u0159en\u00ed ke zlep\u0161en\u00ed hospoda\u0159en\u00ed,<\/em><\/p>\n\n\n\n<p class=\"wp-block-paragraph\"><em>g) projedn\u00e1v\u00e1 inspek\u010dn\u00ed zpr\u00e1vy \u010cesk\u00e9 \u0161koln\u00ed inspekce,<\/em><\/p>\n\n\n\n<p class=\"wp-block-paragraph\"><em>h) pod\u00e1v\u00e1 podn\u011bty a ozn\u00e1men\u00ed \u0159editeli \u0161koly, z\u0159izovateli, org\u00e1n\u016fm vykon\u00e1vaj\u00edc\u00edm st\u00e1tn\u00ed spr\u00e1vu ve \u0161kolstv\u00ed a dal\u0161\u00edm org\u00e1n\u016fm st\u00e1tn\u00ed spr\u00e1vy.<\/em><\/p>\n\n\n\n<p class=\"wp-block-paragraph\"><em>(2) \u0158editel \u0161koly je povinen umo\u017enit \u0161kolsk\u00e9 rad\u011b p\u0159\u00edstup k informac\u00edm o \u0161kole, zejm\u00e9na k dokumentaci \u0161koly. Informace chr\u00e1n\u011bn\u00e9 podle zvl\u00e1\u0161tn\u00edch pr\u00e1vn\u00edch p\u0159edpis\u016f17) poskytne \u0159editel \u0161koly \u0161kolsk\u00e9 rad\u011b pouze za podm\u00ednek stanoven\u00fdch t\u011bmito zvl\u00e1\u0161tn\u00edmi pr\u00e1vn\u00edmi p\u0159edpisy. Poskytov\u00e1n\u00ed informac\u00ed podle z\u00e1kona o svobodn\u00e9m p\u0159\u00edstupu k informac\u00edm t\u00edm nen\u00ed dot\u010deno.<\/em><\/p>\n\n\n\n<p class=\"wp-block-paragraph\"><em>(3) O schv\u00e1len\u00ed dokument\u016f uveden\u00fdch v odstavci 1 p\u00edsm. b) a\u017e d) rozhodne \u0161kolsk\u00e1 rada do 1 m\u011bs\u00edce od jejich p\u0159edlo\u017een\u00ed \u0159editelem \u0161koly. Pokud \u0161kolsk\u00e1 rada tento dokument neschv\u00e1l\u00ed, \u0159editel \u0161koly p\u0159edlo\u017e\u00ed dokument k nov\u00e9mu projedn\u00e1n\u00ed do 1 m\u011bs\u00edce. Opakovan\u00e9ho projedn\u00e1n\u00ed se \u00fa\u010dastn\u00ed z\u0159izovatel. Nen\u00ed-li dokument schv\u00e1len ani p\u0159i opakovan\u00e9m projedn\u00e1n\u00ed nebo pokud \u0161kolsk\u00e1 rada neprojedn\u00e1 dokumenty uveden\u00e9 v odstavci 1 p\u00edsm. b) a\u017e d) do 1 m\u011bs\u00edce od jejich p\u0159edlo\u017een\u00ed \u0159editelem \u0161koly, rozhodne o dal\u0161\u00edm postupu bez zbyte\u010dn\u00e9ho odkladu z\u0159izovatel.<\/em><\/p>\n\n\n\n<p class=\"wp-block-paragraph\"><em>(4) Ve \u0161kol\u00e1ch, kter\u00e9 nejsou z\u0159\u00edzeny st\u00e1tem, krajem, obc\u00ed, nebo svazkem obc\u00ed, pln\u00ed \u00fakoly z\u0159izovatele podle odstavce 3 ten, kdo ustanovil \u0159editele \u0161koly do funkce.<\/em><\/p>\n\n\n\n<h3 class=\"wp-block-heading\"><em>Z\u00e1kon \u010d. 561\/2004 Sb., \u0161kolsk\u00fd z\u00e1kon<\/em><\/h3>\n\n\n\n<p class=\"wp-block-paragraph\"><em>\u00a7 7<\/em><\/p>\n\n\n\n<p class=\"wp-block-paragraph\"><em>Obsah a zpracov\u00e1n\u00ed v\u00fdro\u010dn\u00ed zpr\u00e1vy o \u010dinnosti \u0161koly<\/em><\/p>\n\n\n\n<p class=\"wp-block-paragraph\"><em>(1) V\u00fdro\u010dn\u00ed zpr\u00e1va o \u010dinnosti \u0161koly obsahuje v\u017edy:<\/em><\/p>\n\n\n\n<p class=\"wp-block-paragraph\"><em>a) z\u00e1kladn\u00ed \u00fadaje o \u0161kole (nap\u0159\u00edklad n\u00e1zev, s\u00eddlo, charakteristika \u0161koly, z\u0159izovatel \u0161koly, \u00fadaje o veden\u00ed \u0161koly, adresa pro d\u00e1lkov\u00fd p\u0159\u00edstup, \u00fadaje o \u0161kolsk\u00e9 rad\u011b),<\/em><\/p>\n\n\n\n<p class=\"wp-block-paragraph\"><em>(2) V\u00fdro\u010dn\u00ed zpr\u00e1va o \u010dinnosti \u0161koly se zpracov\u00e1v\u00e1 za obdob\u00ed p\u0159edch\u00e1zej\u00edc\u00edho \u0161koln\u00edho roku, s v\u00fdjimkou z\u00e1kladn\u00edch \u00fadaj\u016f o hospoda\u0159en\u00ed \u0161koly, a do 15. \u0159\u00edjna se p\u0159edkl\u00e1d\u00e1 \u0161kolsk\u00e9 rad\u011b ke schv\u00e1len\u00ed. Po schv\u00e1len\u00ed \u0161kolskou radou zas\u00edl\u00e1 \u0159editel \u0161koly v\u00fdro\u010dn\u00ed zpr\u00e1vu do 14 dn\u016f z\u0159izovateli a zve\u0159ejn\u00ed ji na p\u0159\u00edstupn\u00e9m m\u00edst\u011b ve \u0161kole.<\/em><\/p>\n\n\n\n<p class=\"wp-block-paragraph\"><em>Vyhl\u00e1\u0161ka \u010d. 15\/2005 Sb., kterou se stanov\u00ed n\u00e1le\u017eitosti dlouhodob\u00fdch z\u00e1m\u011br\u016f, v\u00fdro\u010dn\u00edch zpr\u00e1v a vlastn\u00edho hodnocen\u00ed \u0161koly<\/em><\/p>\n","protected":false},"excerpt":{"rendered":"<p>Jednac\u00ed \u0159\u00e1d \u0161kolsk\u00e9 rady p\u0159i Z\u0160 Komensk\u00e9ho 414 \u010cel\u00e1kovice 1. \u00davodn\u00ed ustanoven\u00ed Usnesen\u00edm Rady m\u011bsta \u010cel\u00e1kovice byla z\u0159\u00edzena \u0161kolsk\u00e1 rada &hellip; <\/p>\n","protected":false},"author":1,"featured_media":0,"parent":0,"menu_order":0,"comment_status":"closed","ping_status":"closed","template":"","meta":{"footnotes":""},"class_list":["post-1010","page","type-page","status-publish","hentry","latest_post"],"_links":{"self":[{"href":"https:\/\/www.zscelakovice.cz\/_new\/index.php\/wp-json\/wp\/v2\/pages\/1010","targetHints":{"allow":["GET"]}}],"collection":[{"href":"https:\/\/www.zscelakovice.cz\/_new\/index.php\/wp-json\/wp\/v2\/pages"}],"about":[{"href":"https:\/\/www.zscelakovice.cz\/_new\/index.php\/wp-json\/wp\/v2\/types\/page"}],"author":[{"embeddable":true,"href":"https:\/\/www.zscelakovice.cz\/_new\/index.php\/wp-json\/wp\/v2\/users\/1"}],"replies":[{"embeddable":true,"href":"https:\/\/www.zscelakovice.cz\/_new\/index.php\/wp-json\/wp\/v2\/comments?post=1010"}],"version-history":[{"count":3,"href":"https:\/\/www.zscelakovice.cz\/_new\/index.php\/wp-json\/wp\/v2\/pages\/1010\/revisions"}],"predecessor-version":[{"id":1408,"href":"https:\/\/www.zscelakovice.cz\/_new\/index.php\/wp-json\/wp\/v2\/pages\/1010\/revisions\/1408"}],"wp:attachment":[{"href":"https:\/\/www.zscelakovice.cz\/_new\/index.php\/wp-json\/wp\/v2\/media?parent=1010"}],"curies":[{"name":"wp","href":"https:\/\/api.w.org\/{rel}","templated":true}]}}